{"id":948,"date":"2022-08-05T13:18:14","date_gmt":"2022-08-05T10:18:14","guid":{"rendered":"http:\/\/ozgukeskinyilmaz.demositeler.xyz\/?page_id=948"},"modified":"2022-08-05T17:48:37","modified_gmt":"2022-08-05T14:48:37","slug":"karin-germe","status":"publish","type":"page","link":"https:\/\/opdrhakanaydogan.com\/tr\/karin-germe\/","title":{"rendered":"Kar\u0131n Germe"},"content":{"rendered":"\n<p><br>Kar\u0131n germe esteti\u011fi amdominoplasti olarak isimlendirilmi\u015ftir. Kar\u0131n derisi sark\u0131kl\u0131\u011f\u0131 olan fakat v\u00fccut kont\u00fcrleri bi\u00e7imsiz olan kad\u0131n ve erkeklere uygulanabilir.<\/p>\n\n\n\n<p><strong>Kar\u0131n Germe Esteti\u011fi T\u00fcrleri<\/strong><\/p>\n\n\n\n<p>Estetik iki farkl\u0131 \u015fekilde niteleniyor.&nbsp;<strong>Kar\u0131n germe&nbsp;<\/strong>esteti\u011fi tam kar\u0131n germe esteti\u011fi (Abdiominoplasti) d\u0131\u015f\u0131nda, k\u0131smi kar\u0131n germe ameliyat\u0131 (mini \u2013 abdominoplasti) olarak yap\u0131l\u0131yor. Doktorunuzun yapt\u0131\u011f\u0131 muayene sonras\u0131nda, sizin karn\u0131n\u0131z i\u00e7in hangi m\u00fcdahalenin yap\u0131lmas\u0131 gerekti\u011fi belirlenecektir. Gerekli bilgilendirme yap\u0131ld\u0131ktan sonra, ameliyat\u0131n nas\u0131l ger\u00e7ekle\u015fece\u011fi konusunda detayland\u0131rma yap\u0131lacakt\u0131r.<\/p>\n\n\n\n<p><strong>Kar\u0131n Germe (Amdominoplasti)<\/strong><\/p>\n\n\n\n<p>Orta ve alt kar\u0131n b\u00f6lgesinde mevcut olan fazla ya\u011f k\u00fctlelerinin al\u0131nmas\u0131d\u0131r. Ayr\u0131ca sark\u0131k halinde olan cilt dokusunun da yok edilmesi sa\u011flan\u0131r. Kar\u0131n kaslar\u0131n\u0131n gerilerek, sa\u011flamla\u015ft\u0131r\u0131ld\u0131\u011f\u0131 estetik dokunu\u015flar ile karn\u0131n\u0131z\u0131n hayal etti\u011finiz gibi olmas\u0131 m\u00fcmk\u00fcnd\u00fcr. Estetik operasyon sonras\u0131nda g\u00f6bek tamamen yok olacakt\u0131r. Kar\u0131n g\u00f6r\u00fcn\u00fcm\u00fc d\u00fcz hale gelecektir. Ameliyata ba\u011fl\u0131 izin ne kadar kalaca\u011f\u0131 hususunda\u00a0<strong>kar\u0131n germe\u00a0<\/strong>uygulamas\u0131n\u0131 yapacak olan doktorunuz en do\u011fru bilgiyi verecektir. Uygulama tamamen sizin karn\u0131n\u0131za g\u00f6re yap\u0131lacak oldu\u011fundan, sonras\u0131ndaki g\u00f6r\u00fcnt\u00fcn\u00fcn de net \u015fekilde belirtilmesi, doktor muayenesi sonras\u0131nda olacak. Operasyonun s\u00fcresi 2 ile 5 saat aras\u0131nda de\u011fi\u015fecektir.<\/p>\n\n\n\n<p>K\u0131sm\u0131 amdinoplasti doktorunuzun daha k\u0131s\u0131tl\u0131 bir b\u00f6lgede estetik operasyon uygulamas\u0131 anlam\u0131 ta\u015f\u0131yor. Her iki uygulama da \u00e7o\u011fu zaman genel anestezi alt\u0131nda ger\u00e7ekle\u015fiyor. Estetik operasyon kilo vermeyi d\u00fc\u015f\u00fcnen ki\u015filer taraf\u0131ndan talep edilmemeli. Kilo vermi\u015f olan ve sark\u0131kl\u0131k sorunu ya\u015fayan ki\u015filer i\u00e7in bu operasyonun ba\u015far\u0131l\u0131 sonu\u00e7lar verece\u011fini s\u00f6yleyebiliriz. K\u0131sm\u0131\u00a0<strong>kar\u0131n germe\u00a0<\/strong>s\u00fcresi yakla\u015f\u0131k olarak 1 \u2013 2 saat s\u00fcrmektedir.<\/p>\n\n\n\n<p>Yap\u0131lan estetik uygulaman\u0131n ard\u0131ndan ilk g\u00fcn karn\u0131n\u0131zda \u015fi\u015flik ve a\u011fr\u0131 hissetmeniz normal. A\u011fr\u0131 kesiciler ile kontrol alt\u0131na al\u0131nabilen bu a\u011fr\u0131lar ge\u00e7icidir. Drenler 1 ile 3 g\u00fcn aras\u0131nda, diki\u015fler ise 1 \u2013 3 hafta aras\u0131nda bir s\u00fcre i\u00e7inde al\u0131nacakt\u0131r.<\/p>\n\n\n\n<p>Estetik operasyon sonras\u0131nda bir ile \u00fc\u00e7 g\u00fcn aras\u0131nda hastanede kalman\u0131z istenebilir. \u0130yile\u015fme s\u00fcrecinin h\u0131zlanmas\u0131 a\u00e7\u0131s\u0131ndan enfeksiyon riskinin \u00f6n\u00fcne ge\u00e7ilmesi \u00f6nemlidir. Ki\u015finin kendisini eskisi gibi sa\u011fl\u0131kl\u0131 hissetmesi 1 \u2013 2 ay\u0131n\u0131 alacakt\u0131r.<\/p>\n\n\n\n<p>Estetik operasyon sonras\u0131 i\u015f t\u00fcr\u00fcn\u00fcze g\u00f6re de\u011fi\u015fmek \u00fczere de olsa, i\u015fe d\u00f6nme s\u00fcreniz 2 ile 4 hafta aras\u0131nda de\u011fi\u015fecektir. Yara izinin ge\u00e7mesi ise 3 ile 6 ay aras\u0131nda iyile\u015fme s\u00fcrecini tamamlayacakt\u0131r.<\/p>\n\n\n\n<p><strong>Kar\u0131n germe&nbsp;<\/strong>operasyonunda doktorunuzun \u00f6nerilerini dikkate alman\u0131z halinde, iyile\u015fme s\u00fcrecinin son derece kolay \u015fekilde atlat\u0131lacak oldu\u011funu bilmelisiniz. Doktorunuzun muayeneleri ile iyile\u015fme s\u00fcreci hakk\u0131nda detayl\u0131 bilgi alman\u0131z m\u00fcmk\u00fcnd\u00fcr.<\/p>\n","protected":false},"excerpt":{"rendered":"<p>Kar\u0131n germe esteti\u011fi amdominoplasti olarak isimlendirilmi\u015ftir. Kar\u0131n derisi sark\u0131kl\u0131\u011f\u0131 olan fakat v\u00fccut kont\u00fcrleri bi\u00e7imsiz olan kad\u0131n ve erkeklere uygulanabilir. Kar\u0131n Germe Esteti\u011fi T\u00fcrleri Estetik iki farkl\u0131 \u015fekilde niteleniyor.&nbsp;Kar\u0131n germe&nbsp;esteti\u011fi tam kar\u0131n germe esteti\u011fi (Abdiominoplasti) d\u0131\u015f\u0131nda, k\u0131smi kar\u0131n germe ameliyat\u0131 (mini \u2013 abdominoplasti) olarak yap\u0131l\u0131yor. Doktorunuzun yapt\u0131\u011f\u0131 muayene sonras\u0131nda, sizin karn\u0131n\u0131z i\u00e7in hangi m\u00fcdahalenin yap\u0131lmas\u0131 gerekti\u011fi [&hellip;]<\/p>\n","protected":false},"author":1,"featured_media":1215,"parent":0,"menu_order":0,"comment_status":"closed","ping_status":"closed","template":"","meta":{"_acf_changed":false,"inline_featured_image":false,"footnotes":""},"class_list":["post-948","page","type-page","status-publish","has-post-thumbnail","hentry"],"acf":[],"_links":{"self":[{"href":"https:\/\/opdrhakanaydogan.com\/tr\/wp-json\/wp\/v2\/pages\/948","targetHints":{"allow":["GET"]}}],"collection":[{"href":"https:\/\/opdrhakanaydogan.com\/tr\/wp-json\/wp\/v2\/pages"}],"about":[{"href":"https:\/\/opdrhakanaydogan.com\/tr\/wp-json\/wp\/v2\/types\/page"}],"author":[{"embeddable":true,"href":"https:\/\/opdrhakanaydogan.com\/tr\/wp-json\/wp\/v2\/users\/1"}],"replies":[{"embeddable":true,"href":"https:\/\/opdrhakanaydogan.com\/tr\/wp-json\/wp\/v2\/comments?post=948"}],"version-history":[{"count":0,"href":"https:\/\/opdrhakanaydogan.com\/tr\/wp-json\/wp\/v2\/pages\/948\/revisions"}],"wp:featuredmedia":[{"embeddable":true,"href":"https:\/\/opdrhakanaydogan.com\/tr\/wp-json\/wp\/v2\/media\/1215"}],"wp:attachment":[{"href":"https:\/\/opdrhakanaydogan.com\/tr\/wp-json\/wp\/v2\/media?parent=948"}],"curies":[{"name":"wp","href":"https:\/\/api.w.org\/{rel}","templated":true}]}}