{"id":93,"date":"2017-10-05T20:54:47","date_gmt":"2017-10-05T20:54:47","guid":{"rendered":"http:\/\/www.kadindogumestetik.com\/?page_id=93"},"modified":"2022-08-05T17:41:29","modified_gmt":"2022-08-05T14:41:29","slug":"yuz-germe","status":"publish","type":"page","link":"https:\/\/opdrhakanaydogan.com\/tr\/yuz-germe\/","title":{"rendered":"Y\u00fcz Germe"},"content":{"rendered":"\n<p>Pek \u00e7ok etken y\u00fcz kaslar\u0131n\u0131n gev\u015femesine neden oluyor. Y\u00fcz germe ameliyat\u0131 ile gerginli\u011fin sa\u011flanmas\u0131 m\u00fcmk\u00fcnd\u00fcr.<\/p>\n\n\n\n<p>Doktor taraf\u0131ndan yap\u0131lan incelemelerin sonras\u0131nda&nbsp;<strong>y\u00fcz germe&nbsp;<\/strong>ameliyat\u0131 ile cildinizin estetik olmas\u0131n\u0131, hayal etti\u011finiz cilt g\u00f6r\u00fcn\u00fcm\u00fcne kavu\u015fmay\u0131 sa\u011flayabilirsiniz.<\/p>\n\n\n\n<p><strong>Y\u00fcz Germe Ameliyat\u0131 Nas\u0131l Yap\u0131l\u0131r?<\/strong><\/p>\n\n\n\n<p>Estetik ameliyatlar aras\u0131nda en b\u00fcy\u00fck de\u011fi\u015fimi g\u00f6steren y\u00fcz gerdirme operasyonudur. Farkl\u0131 y\u00f6ntemlerin kullan\u0131lmas\u0131 ile germe i\u015flemi yap\u0131l\u0131r ve ki\u015finin y\u00fcz\u00fcn\u00fcn estetik g\u00f6r\u00fcn\u00fcme kavu\u015fmas\u0131 sa\u011flan\u0131r.<\/p>\n\n\n\n<p><strong>Y\u00f6ntem Se\u00e7imi;<\/strong><\/p>\n\n\n\n<p>Hangi y\u00f6ntemin kullan\u0131larak germe operasyonunun yap\u0131lacak oldu\u011fu ki\u015finin durumuna ve doktora ba\u011fl\u0131d\u0131r. Se\u00e7im yap\u0131l\u0131rken dikkate al\u0131nacak olan hususlar vard\u0131r. Ya\u015f, cinsiyet, sigara kullan\u0131m\u0131, y\u00fcz\u00fcn fiziksel g\u00f6r\u00fcn\u00fcm\u00fc, cildin durumu, y\u00fcz kemiklerinin durumunu gibi hususlar \u00fczerinden ameliyat\u0131n nas\u0131l yap\u0131laca\u011f\u0131n\u0131n karar\u0131 verilir.<\/p>\n\n\n\n<p>Ameliyat yap\u0131l\u0131rken; ka\u015f kald\u0131rma, g\u00f6z kapa\u011f\u0131, boyun esteti\u011fi gibi i\u015flemler de estetik operasyona eklenebilir. Bunlar\u0131n netle\u015fmesi a\u00e7\u0131s\u0131ndan doktorunuzun birebir muayene yapmas\u0131 gerekti\u011fini bilmelisiniz.<\/p>\n\n\n\n<p>Ameliyat belli bir b\u00f6lgeden germe i\u015fleminin yap\u0131lmas\u0131n\u0131, g\u00f6z\u00fckmeyecek \u015fekilde derinin toplanmas\u0131n\u0131 ama\u00e7lar.&nbsp;<strong>Y\u00fcz germe&nbsp;<\/strong>ameliyat\u0131 ile b\u00fcy\u00fck \u00f6l\u00e7\u00fcde cildin toparlanmas\u0131 sa\u011flan\u0131r. \u0130z kalmamas\u0131 ve iyile\u015fmenin h\u0131zl\u0131 olmas\u0131 ise b\u00fcy\u00fck \u00f6l\u00e7\u00fcde doktorunuzun i\u015flemine de ba\u011fl\u0131d\u0131r. Ba\u015far\u0131l\u0131 bir operasyon sayesinde, cildinizin istenen g\u00f6r\u00fcn\u00fcme kavu\u015fmas\u0131 sa\u011flanacakt\u0131r.<\/p>\n\n\n\n<p><strong>Y\u00fcz Germe Ameliyat\u0131 Sonras\u0131<\/strong><\/p>\n\n\n\n<p>Ameliyat\u0131n sonras\u0131nda iyile\u015fme s\u00fcrecinin nas\u0131l olaca\u011f\u0131 da \u00f6nemlidir. 3 g\u00fcn boyunca y\u00fczde \u00f6dem \u2013 \u015fi\u015flik olu\u015fmas\u0131 s\u00f6z konusu olabilir. Sonras\u0131nda ise b\u00fcy\u00fck \u00f6l\u00e7\u00fcde azalmalar\u0131 takip edeceksiniz. 7 ile 10 g\u00fcn aras\u0131nda morarmalar\u0131n da ortadan kaybolmas\u0131 s\u00f6z konusudur. Makyajla tamamen yok edilebilecek hale gelecektir.&nbsp;<strong>Y\u00fcz germe&nbsp;<\/strong>ameliyat\u0131 sonras\u0131nda iyile\u015fme s\u00fcrecinin h\u0131zlanmas\u0131 a\u00e7\u0131s\u0131ndan doktorunuzun talimatlar\u0131na uyman\u0131z \u00f6nemlidir. Enfeksiyon riskinin tamamen ortadan kald\u0131r\u0131lmas\u0131na dikkat etmelisiniz. Komplikasyon olu\u015fumu halinde dikkatli \u015fekilde \u00f6nlemlerin al\u0131nmas\u0131, iyile\u015fmenizin h\u0131zl\u0131 \u015fekilde olmas\u0131n\u0131 da sa\u011flayacakt\u0131r.<\/p>\n\n\n\n<p><strong>Y\u00fcz Germe Ameliyat\u0131 Ya\u015f S\u0131n\u0131r\u0131<\/strong><\/p>\n\n\n\n<p>Erken ya\u015fta y\u00fcz germe ameliyat\u0131n\u0131n yap\u0131lmas\u0131 uygun olmayacakt\u0131r. 45\u2019li ya\u015flar i\u00e7in de doktorlar y\u00fcz germe operasyonunun yap\u0131lmas\u0131n\u0131 uygun g\u00f6r\u00fcr. Ancak 50\u2019li ya\u015flar\u0131n germe operasyonu i\u00e7in en uygun ya\u015f oldu\u011funu s\u00f6yleyebiliriz. Bu ya\u015f aral\u0131\u011f\u0131nda olman\u0131z durumunda, operasyonun en ba\u015far\u0131l\u0131 sonu\u00e7lar\u0131 verece\u011fi tahmin edilmektedir. Gen\u00e7 ya\u015fta ya da cilt h\u00fccrelerinin aktif oldu\u011fu zamanlarda ameliyat uygun olmayabilir.<\/p>\n\n\n\n<p>Elbette tam incelemenin olmas\u0131ndan sonra doktorunuzun do\u011fru tespiti yapmas\u0131 ola\u011fand\u0131r.&nbsp;<strong>Y\u00fcz germe&nbsp;<\/strong>i\u00e7in doktorunuzun yapt\u0131\u011f\u0131 muayene sonras\u0131nda sizin i\u00e7in uygun olan y\u00f6ntemler belirlenerek i\u015flem yap\u0131lacakt\u0131r. Bilgi almak i\u00e7in randevu alarak, bu alanda uzman olan doktorlar taraf\u0131ndan muayene edilebilirsiniz. Bilgi alman\u0131z m\u00fcmk\u00fcn olacakt\u0131r.<\/p>\n","protected":false},"excerpt":{"rendered":"<p>Pek \u00e7ok etken y\u00fcz kaslar\u0131n\u0131n gev\u015femesine neden oluyor. Y\u00fcz germe ameliyat\u0131 ile gerginli\u011fin sa\u011flanmas\u0131 m\u00fcmk\u00fcnd\u00fcr. Doktor taraf\u0131ndan yap\u0131lan incelemelerin sonras\u0131nda&nbsp;y\u00fcz germe&nbsp;ameliyat\u0131 ile cildinizin estetik olmas\u0131n\u0131, hayal etti\u011finiz cilt g\u00f6r\u00fcn\u00fcm\u00fcne kavu\u015fmay\u0131 sa\u011flayabilirsiniz. Y\u00fcz Germe Ameliyat\u0131 Nas\u0131l Yap\u0131l\u0131r? Estetik ameliyatlar aras\u0131nda en b\u00fcy\u00fck de\u011fi\u015fimi g\u00f6steren y\u00fcz gerdirme operasyonudur. Farkl\u0131 y\u00f6ntemlerin kullan\u0131lmas\u0131 ile germe i\u015flemi yap\u0131l\u0131r ve ki\u015finin [&hellip;]<\/p>\n","protected":false},"author":1,"featured_media":1203,"parent":0,"menu_order":0,"comment_status":"closed","ping_status":"closed","template":"","meta":{"_acf_changed":false,"inline_featured_image":false,"footnotes":""},"class_list":["post-93","page","type-page","status-publish","has-post-thumbnail","hentry"],"acf":[],"_links":{"self":[{"href":"https:\/\/opdrhakanaydogan.com\/tr\/wp-json\/wp\/v2\/pages\/93","targetHints":{"allow":["GET"]}}],"collection":[{"href":"https:\/\/opdrhakanaydogan.com\/tr\/wp-json\/wp\/v2\/pages"}],"about":[{"href":"https:\/\/opdrhakanaydogan.com\/tr\/wp-json\/wp\/v2\/types\/page"}],"author":[{"embeddable":true,"href":"https:\/\/opdrhakanaydogan.com\/tr\/wp-json\/wp\/v2\/users\/1"}],"replies":[{"embeddable":true,"href":"https:\/\/opdrhakanaydogan.com\/tr\/wp-json\/wp\/v2\/comments?post=93"}],"version-history":[{"count":0,"href":"https:\/\/opdrhakanaydogan.com\/tr\/wp-json\/wp\/v2\/pages\/93\/revisions"}],"wp:featuredmedia":[{"embeddable":true,"href":"https:\/\/opdrhakanaydogan.com\/tr\/wp-json\/wp\/v2\/media\/1203"}],"wp:attachment":[{"href":"https:\/\/opdrhakanaydogan.com\/tr\/wp-json\/wp\/v2\/media?parent=93"}],"curies":[{"name":"wp","href":"https:\/\/api.w.org\/{rel}","templated":true}]}}