{"id":171,"date":"2017-10-24T09:30:24","date_gmt":"2017-10-24T09:30:24","guid":{"rendered":"http:\/\/www.kadindogumestetik.com\/?page_id=171"},"modified":"2022-08-05T17:50:33","modified_gmt":"2022-08-05T14:50:33","slug":"kulak-estetigi","status":"publish","type":"page","link":"https:\/\/opdrhakanaydogan.com\/tr\/kulak-estetigi\/","title":{"rendered":"Kulak Esteti\u011fi"},"content":{"rendered":"\n<p><strong>Kulak Ameliyat\u0131<\/strong><\/p>\n\n\n\n<p>Estetik olarak yap\u0131lan kulak ameliyat\u0131, kep\u00e7e \u2013 b\u00fcy\u00fck olan kulaklar\u0131n istenen estetik g\u00f6r\u00fcn\u00fcme ula\u015fmas\u0131n\u0131 sa\u011fl\u0131yor.<\/p>\n\n\n\n<p><strong>Kulak Ameliyat\u0131 Neden Yap\u0131l\u0131r?<\/strong><\/p>\n\n\n\n<p>Kula\u011f\u0131 kep\u00e7e olan ki\u015filer\u00a0<strong>kulak ameliyat\u0131\u00a0<\/strong>ile kula\u011f\u0131n\u0131n olmas\u0131 gereken g\u00f6r\u00fcn\u00fcme kavu\u015fmas\u0131n\u0131n sa\u011flayabilir. Olmas\u0131 gerekenden daha b\u00fcy\u00fck sand\u0131\u011f\u0131n\u0131z kulaklarda sorun asl\u0131nda k\u0131k\u0131rdaktad\u0131r. G\u00f6r\u00fcn\u00fcm\u00fc b\u00fcy\u00fckm\u00fc\u015f gibi g\u00f6steren sorun budur. Estetik operasyon ile k\u0131k\u0131rdak olmas\u0131 gereken boyut ve bi\u00e7ime getirilerek, kep\u00e7e kulak sorununun ortadan kalkmas\u0131 sa\u011flan\u0131r.<br>\u0130lk olarak kula\u011f\u0131n kafa ile yapt\u0131\u011f\u0131 a\u00e7\u0131 olmas\u0131 gerekenden daha geni\u015f oldu\u011funda ameliyat gerekli oluyor. Bu durum kula\u011f\u0131n d\u0131\u015far\u0131 do\u011fru a\u00e7\u0131k olmas\u0131na neden oluyor. \u00d6zellikle ki\u015fiye arkadan bak\u0131ld\u0131\u011f\u0131nda, ki\u015finin kula\u011f\u0131n\u0131n anormal oldu\u011fu g\u00f6zlemlenir.<\/p>\n\n\n\n<p>\u0130kincisi ise kula\u011f\u0131n \u00fcst yar\u0131s\u0131nda olmas\u0131 gereken k\u0131vr\u0131m\u0131n olmam\u0131\u015f olmas\u0131d\u0131r. Bu durumda da&nbsp;<strong>kulak ameliyat\u0131&nbsp;<\/strong>gerekli g\u00f6r\u00fclecektir. Kula\u011f\u0131n \u00fct\u00fclenmi\u015f gibi d\u00fcmd\u00fcz g\u00f6z\u00fckmesi g\u00f6r\u00fcn\u00fcm\u00fc ameliyat ile son bulacakt\u0131r.<\/p>\n\n\n\n<p>Yukar\u0131da verilen bu iki problemin g\u00f6r\u00fclmesi halinde, ameliyat edilmesi gerekir. Ameliyat\u0131n neden yap\u0131ld\u0131\u011f\u0131 sorusunun cevab\u0131; bu iki problemden birinin ki\u015finin kula\u011f\u0131nda g\u00f6r\u00fclmesi durumunda cevaplanabilir.<\/p>\n\n\n\n<p>Kulakta g\u00f6r\u00fclen iki problem i\u00e7in de doktor taraf\u0131ndan farkl\u0131 m\u00fcdahaleler yap\u0131lacakt\u0131r. \u0130lk problem i\u00e7in uygulama kula\u011f\u0131ndan arkas\u0131ndan derinin alt\u0131ndan k\u0131k\u0131rda\u011fa yeni ve g\u00fc\u00e7l\u00fc diki\u015flerin at\u0131lmas\u0131d\u0131r. Bu sayede a\u00e7\u0131n\u0131n daralt\u0131lmas\u0131 sa\u011flanacakt\u0131r.<\/p>\n\n\n\n<p>\u0130kinci olan problem i\u00e7in ise kula\u011f\u0131n arka k\u0131sm\u0131ndan derinin alt\u0131ndan k\u0131k\u0131rda\u011fa yine g\u00fc\u00e7l\u00fc diki\u015fler at\u0131lmas\u0131 ile e\u011fimin sa\u011flanmas\u0131 s\u00f6z konusudur. Ama\u00e7 \u00fct\u00fclenmi\u015f olan kulakta bu d\u00fcmd\u00fcz g\u00f6r\u00fcnt\u00fcy\u00fc yok etmektir. Kula\u011f\u0131n d\u0131\u015f\u0131na ya da kenar\u0131na basarak k\u0131vr\u0131mlar\u0131n olu\u015fturulmas\u0131 sa\u011flanmaktad\u0131r.<\/p>\n\n\n\n<p>Kulak aras\u0131nda bir kesim yap\u0131l\u0131r. Tam arkada kalmas\u0131na dikkate edildi\u011finden ameliyat sonras\u0131nda iz kalmas\u0131 problemi olmaz. Genel ya da lokal anestezi kullan\u0131larak ameliyat\u0131n yap\u0131lmas\u0131 sa\u011flanacakt\u0131r.<\/p>\n\n\n\n<p>Ameliyat sonras\u0131nda iyile\u015fme s\u00fcreci i\u00e7in bir hafta oldu\u011funu s\u00f6yleyebiliriz. Ameliyat sonras\u0131nda taburcu i\u015flemi ise ayn\u0131 g\u00fcn yap\u0131labilir. Birka\u00e7 g\u00fcn soka\u011fa \u00e7\u0131k\u0131lmamas\u0131nda fayda olacakt\u0131r. \u00c7\u00fcnk\u00fc temas gibi durumlar a\u011fr\u0131ya neden olabilir. Ki\u015finin y\u0131kanmas\u0131 ise 2 \u2013 3 sonra olursa avantajl\u0131 olacakt\u0131r. Ameliyat sonras\u0131nda doktorunuz bu konu ile alakal\u0131 detayl\u0131 bilgi verecektir.&nbsp;<strong>Kulak ameliyat\u0131&nbsp;<\/strong>sonras\u0131nda ki\u015finin iyile\u015fme s\u00fcrecinin h\u0131zlanmas\u0131 i\u00e7in dikkatli olunmas\u0131 gerekir. \u0130lk etapta olu\u015facak olan a\u011fr\u0131lar\u0131n giderilmesi i\u00e7in a\u011fr\u0131 kesiciler yeterli olacakt\u0131r.<\/p>\n\n\n\n<p>Koruma ama\u00e7l\u0131 bir s\u00fcre kafa band\u0131 tak\u0131lmas\u0131 istenecektir. \u0130yi koruma a\u00e7\u0131s\u0131ndan yeterli olaca\u011f\u0131ndan mutlaka&nbsp;<strong>kulak ameliyat\u0131&nbsp;<\/strong>sonras\u0131nda tak\u0131lmas\u0131n\u0131 \u00f6neriyoruz. \u0130yile\u015fme s\u00fcrecinin h\u0131zlanmas\u0131 da bu sayede sa\u011flanacakt\u0131r.<\/p>\n","protected":false},"excerpt":{"rendered":"<p>Kulak Ameliyat\u0131 Estetik olarak yap\u0131lan kulak ameliyat\u0131, kep\u00e7e \u2013 b\u00fcy\u00fck olan kulaklar\u0131n istenen estetik g\u00f6r\u00fcn\u00fcme ula\u015fmas\u0131n\u0131 sa\u011fl\u0131yor. Kulak Ameliyat\u0131 Neden Yap\u0131l\u0131r? Kula\u011f\u0131 kep\u00e7e olan ki\u015filer\u00a0kulak ameliyat\u0131\u00a0ile kula\u011f\u0131n\u0131n olmas\u0131 gereken g\u00f6r\u00fcn\u00fcme kavu\u015fmas\u0131n\u0131n sa\u011flayabilir. Olmas\u0131 gerekenden daha b\u00fcy\u00fck sand\u0131\u011f\u0131n\u0131z kulaklarda sorun asl\u0131nda k\u0131k\u0131rdaktad\u0131r. G\u00f6r\u00fcn\u00fcm\u00fc b\u00fcy\u00fckm\u00fc\u015f gibi g\u00f6steren sorun budur. Estetik operasyon ile k\u0131k\u0131rdak olmas\u0131 gereken boyut ve [&hellip;]<\/p>\n","protected":false},"author":1,"featured_media":1217,"parent":0,"menu_order":0,"comment_status":"closed","ping_status":"closed","template":"","meta":{"_acf_changed":false,"inline_featured_image":false,"footnotes":""},"class_list":["post-171","page","type-page","status-publish","has-post-thumbnail","hentry"],"acf":[],"_links":{"self":[{"href":"https:\/\/opdrhakanaydogan.com\/tr\/wp-json\/wp\/v2\/pages\/171","targetHints":{"allow":["GET"]}}],"collection":[{"href":"https:\/\/opdrhakanaydogan.com\/tr\/wp-json\/wp\/v2\/pages"}],"about":[{"href":"https:\/\/opdrhakanaydogan.com\/tr\/wp-json\/wp\/v2\/types\/page"}],"author":[{"embeddable":true,"href":"https:\/\/opdrhakanaydogan.com\/tr\/wp-json\/wp\/v2\/users\/1"}],"replies":[{"embeddable":true,"href":"https:\/\/opdrhakanaydogan.com\/tr\/wp-json\/wp\/v2\/comments?post=171"}],"version-history":[{"count":0,"href":"https:\/\/opdrhakanaydogan.com\/tr\/wp-json\/wp\/v2\/pages\/171\/revisions"}],"wp:featuredmedia":[{"embeddable":true,"href":"https:\/\/opdrhakanaydogan.com\/tr\/wp-json\/wp\/v2\/media\/1217"}],"wp:attachment":[{"href":"https:\/\/opdrhakanaydogan.com\/tr\/wp-json\/wp\/v2\/media?parent=171"}],"curies":[{"name":"wp","href":"https:\/\/api.w.org\/{rel}","templated":true}]}}