{"id":167,"date":"2017-10-24T09:22:58","date_gmt":"2017-10-24T09:22:58","guid":{"rendered":"http:\/\/www.kadindogumestetik.com\/?page_id=167"},"modified":"2022-08-05T17:40:18","modified_gmt":"2022-08-05T14:40:18","slug":"goz-kapagi-estetigi","status":"publish","type":"page","link":"https:\/\/opdrhakanaydogan.com\/tr\/goz-kapagi-estetigi\/","title":{"rendered":"G\u00f6z Kapa\u011f\u0131 Esteti\u011fi"},"content":{"rendered":"\n<p>En \u00f6nemli organlardan bir tanesi olan g\u00f6z\u00fc koruyan bir yap\u0131lar vard\u0131r. Bu yap\u0131lardan biri g\u00f6z kapa\u011f\u0131 di\u011feri ise g\u00f6z\u00fc hareket ettiren g\u00f6z \u00e7evresindeki mini kaslard\u0131r. Zamanla ya\u015fant\u0131lar yani mutluluk, \u00fcz\u00fcnt\u00fc, mevsimsel de\u011fi\u015fimler g\u00f6z \u00e7evresinde izler b\u0131rak\u0131r. G\u00fcnde milyonlarca kez kulland\u0131\u011f\u0131m\u0131z g\u00f6z ve \u00e7evresi zamanla, geneti\u011fin ya da ya\u015f\u0131n etkisiyle esnekli\u011fini yitirir.<\/p>\n\n\n\n<p>35\u2019li ya\u015flardan sonra g\u00f6z kapa\u011f\u0131nda olu\u015fan sarkmalar olu\u015fabilmektedir. G\u00f6z\u00fcn \u00e7evresinde olu\u015fan t\u00fcm sarkmalar ve gev\u015femeler g\u00f6z \u00e7evresini olumsuz anlamda etkileyebilmektedir. S\u00f6z konusu b\u00f6lge bir insan\u0131n ya\u015fland\u0131\u011f\u0131n\u0131 a\u00e7\u0131k\u00e7a g\u00f6steren nadir b\u00f6lgelerden biridir. Bu durum bir\u00e7ok ki\u015fide yorgunluk veya uykusuzluk belirtisi olarak da ba\u015f g\u00f6sterebilmektedir. Olu\u015fan bu problemler sonras\u0131nda da ki\u015filer&nbsp;<strong>g\u00f6z kapa\u011f\u0131 esteti\u011fi<\/strong>ne y\u00f6nelmektedirler. Bu estetik t\u00fcr\u00fc genelde 35li ya\u015flara gelmi\u015f ki\u015filerde g\u00f6r\u00fcnse de bazen yorgunlu\u011fa veya di\u011fer fiziksel durumlara ba\u011fl\u0131 olarak gen\u00e7lerde de g\u00f6r\u00fclebilir. Bu y\u00fczden baz\u0131 gen\u00e7 ya\u015ftaki ki\u015filerde bu estetik ameliyat\u0131n\u0131 yapt\u0131rabilmektedir.<\/p>\n\n\n\n<h4 class=\"wp-block-heading\">G\u00f6z Kapa\u011f\u0131 Esteti\u011fi \u00d6ncesi Dikkat Edilmesi Gerekenler<\/h4>\n\n\n\n<p>Bu ameliyat \u00f6ncesinde aspirin veya e\u015f de\u011fer de ila\u00e7lar kullan\u0131lmamas\u0131 tavsiye edilir. Ayr\u0131ca kan suland\u0131rma \u00f6zelli\u011fi bulunan E vitamininden uzak durulmas\u0131 da ameliyat \u00f6ncesi ki\u015filerin faydas\u0131na olacakt\u0131r. Bunlar haricinde ye\u015fil \u00e7ay ve benzer bitkisel \u00e7aylardan da uzak durulmas\u0131 gerekmektedir. G\u00f6z tansiyonunun fazla olmas\u0131 bu ameliyat \u00f6ncesinde ciddi bir risk durumu olu\u015fturabilmektedir. Bu konuda bir rahats\u0131zl\u0131\u011f\u0131n\u0131z var ise uzmanlar\u0131m\u0131za bu durumu bildirmeniz gerekmektedir.<\/p>\n\n\n\n<h4 class=\"wp-block-heading\">G\u00f6z Kapa\u011f\u0131 Esteti\u011fi Nedir?<\/h4>\n\n\n\n<p><em>G\u00f6z kapa\u011f\u0131 esteti\u011fi<\/em>&nbsp;bir noktan\u0131n d\u00fczeltilmesi de\u011fil, g\u00f6z kapa\u011f\u0131nda ve \u00e7evresinde olu\u015fan t\u00fcm y\u0131pranma ve sorunlar\u0131n giderilmesi \u015fekline ele al\u0131n\u0131r. G\u00f6z kapa\u011f\u0131n\u0131n sarkmas\u0131n\u0131n nedeni \u00fcst ve alt g\u00f6z kapa\u011f\u0131n\u0131n ya\u015flanmaya ba\u011fl\u0131 olarak gev\u015feyen ve ya\u011f uzant\u0131s\u0131 do\u011frultusunda derinin sarkmas\u0131 ile olu\u015fur.<\/p>\n\n\n\n<h4 class=\"wp-block-heading\">G\u00f6z Esteti\u011fi Ameliyat\u0131 Nas\u0131l Yap\u0131l\u0131r?<\/h4>\n\n\n\n<p><strong>G\u00f6z kapa\u011f\u0131 esteti\u011fi<\/strong>&nbsp;ameliyat\u0131nda esas olan g\u00f6z \u00e7evresinde ki ya\u011f ve fazla derilerin al\u0131nmas\u0131d\u0131r. B\u00f6ylece g\u00f6z \u00e7evresinde gerginle\u015ftirme olacak ve estetik a\u00e7\u0131dan daha g\u00fczel bir g\u00f6r\u00fcn\u00fcm ortaya \u00e7\u0131kacakt\u0131r. E\u011fer \u00fcst g\u00f6z kapa\u011f\u0131 ameliyat\u0131 olunacak ise lokal anestezi ile operasyon ba\u015flayabilmektedir. Bu ameliyat\u0131n s\u00fcresi yakla\u015f\u0131k olarak 30 ila 45 dakika aras\u0131ndad\u0131r. Bu operasyonlar bu alanda profesyonelle\u015fmi\u015f ve deneyim sahibi uzmanlar\u0131m\u0131z taraf\u0131ndan yap\u0131lmaktad\u0131r.<\/p>\n\n\n\n<h4 class=\"wp-block-heading\">G\u00f6z Kapa\u011f\u0131 Esteti\u011fi Nas\u0131l Ger\u00e7ekle\u015fir?<\/h4>\n\n\n\n<p>Blefaroplasti yani&nbsp;g\u00f6z kapa\u011f\u0131 esteti\u011fi&nbsp;ile t\u00fcm bu sorunlar bug\u00fcn kolayl\u0131kla \u00e7\u00f6z\u00fcl\u00fcr. Lazer teknolojisi ile yap\u0131lan bu \u00e7al\u0131\u015fma ile hasta 3-4 g\u00fcnde kendini toparlar ve g\u00fcnl\u00fck hayat\u0131na devam eder. Bu y\u00fczden de operasyon sonras\u0131nda riskler yok denecek kadar azd\u0131r.<\/p>\n\n\n\n<p>G\u00f6z kapa\u011f\u0131 operasyonunun avantajlar\u0131 k\u0131saca \u015fu \u015fekilde s\u0131ralanabilir:<\/p>\n\n\n\n<p>Operasyon lazerle yap\u0131l\u0131r. Diki\u015f gibi m\u00fcdahaleler olmad\u0131\u011f\u0131 i\u00e7in \u00e7ok \u00e7abuk iyile\u015fir.<\/p>\n\n\n\n<ul class=\"wp-block-list\"><li>Ba\u015f a\u011fr\u0131lar\u0131 son bulur.<\/li><li>G\u00f6r\u00fc\u015f a\u00e7\u0131s\u0131 kayb\u0131 d\u00fczelir<\/li><li>Yorgun ve bezgin, mutsuz g\u00f6r\u00fcn\u00fcm kaybolur. Bak\u0131\u015flar canl\u0131l\u0131k kazan\u0131r. Gen\u00e7 g\u00f6r\u00fcme kavu\u015fulur.<\/li><li>Komplikasyon riski minimal d\u00fczeydedir.<\/li><\/ul>\n\n\n\n<h4 class=\"wp-block-heading\">Ameliyat Sonras\u0131 Nelere Dikkat Edilmelidir?<\/h4>\n\n\n\n<p>Bu operasyon i\u00e7in bizi tercih eden ki\u015filere operasyon sonras\u0131nda detayl\u0131 bir bilgi verilmektedir. Bu bilgiler;<\/p>\n\n\n\n<ul class=\"wp-block-list\"><li>G\u00f6z\u00fcn yorulmamas\u0131 gerekti\u011fi hakk\u0131nda bilgi (\u00d6zellikle ilk iki g\u00fcn boyunca)<\/li><li>Operasyon sonras\u0131nda makyajdan uzak durulmas\u0131 hakk\u0131nda (enfeksiyon riskine kar\u015f\u0131)<\/li><li>G\u00fcne\u015f \u0131\u015f\u0131nlar\u0131ndan ka\u00e7\u0131nmak i\u00e7in g\u00fcne\u015f g\u00f6zl\u00fc\u011f\u00fcn\u00fcn kullan\u0131lmas\u0131<\/li><li>Ameliyat sonras\u0131nda herhangi bir ac\u0131 olmayacakt\u0131r.<\/li><li>G\u00f6z kapaklar\u0131nda ameliyat sonras\u0131nda ki belli bir d\u00f6nemde \u00f6dem ile beraber morluk olu\u015fmas\u0131 ola\u011fan bir durumdur.<\/li><li>Bir ba\u015fka ola\u011fan durum ise, g\u00f6zlerde olu\u015fan kuruma, yanma hissi ve ya\u015farmad\u0131r.<\/li><li>Son olarak y\u00fcksek bir yast\u0131kta yatma tavsiyesi verilir.<\/li><\/ul>\n","protected":false},"excerpt":{"rendered":"<p>En \u00f6nemli organlardan bir tanesi olan g\u00f6z\u00fc koruyan bir yap\u0131lar vard\u0131r. Bu yap\u0131lardan biri g\u00f6z kapa\u011f\u0131 di\u011feri ise g\u00f6z\u00fc hareket ettiren g\u00f6z \u00e7evresindeki mini kaslard\u0131r. Zamanla ya\u015fant\u0131lar yani mutluluk, \u00fcz\u00fcnt\u00fc, mevsimsel de\u011fi\u015fimler g\u00f6z \u00e7evresinde izler b\u0131rak\u0131r. G\u00fcnde milyonlarca kez kulland\u0131\u011f\u0131m\u0131z g\u00f6z ve \u00e7evresi zamanla, geneti\u011fin ya da ya\u015f\u0131n etkisiyle esnekli\u011fini yitirir. 35\u2019li ya\u015flardan sonra g\u00f6z [&hellip;]<\/p>\n","protected":false},"author":1,"featured_media":1201,"parent":0,"menu_order":0,"comment_status":"closed","ping_status":"closed","template":"","meta":{"_acf_changed":false,"inline_featured_image":false,"footnotes":""},"class_list":["post-167","page","type-page","status-publish","has-post-thumbnail","hentry"],"acf":[],"_links":{"self":[{"href":"https:\/\/opdrhakanaydogan.com\/tr\/wp-json\/wp\/v2\/pages\/167","targetHints":{"allow":["GET"]}}],"collection":[{"href":"https:\/\/opdrhakanaydogan.com\/tr\/wp-json\/wp\/v2\/pages"}],"about":[{"href":"https:\/\/opdrhakanaydogan.com\/tr\/wp-json\/wp\/v2\/types\/page"}],"author":[{"embeddable":true,"href":"https:\/\/opdrhakanaydogan.com\/tr\/wp-json\/wp\/v2\/users\/1"}],"replies":[{"embeddable":true,"href":"https:\/\/opdrhakanaydogan.com\/tr\/wp-json\/wp\/v2\/comments?post=167"}],"version-history":[{"count":0,"href":"https:\/\/opdrhakanaydogan.com\/tr\/wp-json\/wp\/v2\/pages\/167\/revisions"}],"wp:featuredmedia":[{"embeddable":true,"href":"https:\/\/opdrhakanaydogan.com\/tr\/wp-json\/wp\/v2\/media\/1201"}],"wp:attachment":[{"href":"https:\/\/opdrhakanaydogan.com\/tr\/wp-json\/wp\/v2\/media?parent=167"}],"curies":[{"name":"wp","href":"https:\/\/api.w.org\/{rel}","templated":true}]}}