{"id":1090,"date":"2022-02-08T11:18:40","date_gmt":"2022-02-08T08:18:40","guid":{"rendered":"https:\/\/ozgukeskinyilmaz.com\/?page_id=1090"},"modified":"2022-08-05T11:15:02","modified_gmt":"2022-08-05T08:15:02","slug":"kvkk-aydinlatma-metni","status":"publish","type":"page","link":"https:\/\/opdrhakanaydogan.com\/tr\/kvkk-aydinlatma-metni\/","title":{"rendered":"KVKK Ayd\u0131nlatma Metni"},"content":{"rendered":"\n<p><strong><u>K\u0130\u015e\u0130SEL VER\u0130LER\u0130N \u0130\u015eLENMES\u0130 HAKKINDA AYDINLATMA METN\u0130<\/u><\/strong><\/p>\n\n\n\n<p>\u00a0\u00a0\u00a0\u00a0\u00a0\u00a0\u00a0 \u00a0\u00a0\u00a0\u00a0\u00a0\u00a0\u00a0\u00a0Ayd\u0131nlatma metni, T\u00fcrk Hukuk mevzuat\u0131nda yer alan 6698 say\u0131l\u0131 Ki\u015fisel Verilerin Korunmas\u0131 Kanunu (<strong>\u201cKVKK\u201d<\/strong>) ile Avrupa Birli\u011fi Genel Veri Koruma T\u00fcz\u00fc\u011f\u00fc (<strong>\u201cGDPR\u201d<\/strong>) uyar\u0131nca, \u00a0Op. Dr. Hakan Aydo\u011fan klini\u011fi olarak sundu\u011fumuz muayenehane faaliyetlerimizde ve\/veya g\u00f6r\u00fcnt\u00fcl\u00fc dan\u0131\u015fmanl\u0131k hizmetlerimizde ayn\u0131 zamanda bir hasta hakk\u0131 olan mahremiyet hakk\u0131n\u0131 \u00f6n planda tutuyoruz. Bu bilin\u00e7le sundu\u011fumuz sa\u011fl\u0131k hizmetlerinden \/ dan\u0131\u015fmanl\u0131k hizmetlerinden faydalanan hastalar\u0131m\u0131z, hasta yak\u0131nlar\u0131, dan\u0131\u015fanlar\u0131m\u0131z, \u00e7al\u0131\u015fanlar\u0131m\u0131z dahil muayenehanemiz \/hizmetlerimiz ile ili\u015fkili \u015fah\u0131slar\u0131n taraf\u0131m\u0131za iletilen ki\u015fisel verilerinin T\u00fcrkiye Cumhuriyeti Anayasas\u0131 ve insan haklar\u0131na ili\u015fkin \u00fclkemizin taraf\u0131 oldu\u011fu uluslararas\u0131 s\u00f6zle\u015fmeler ile 6698 say\u0131l\u0131 Ki\u015fisel Verilerin Korunmas\u0131 Kanunu (\u201cKVKK\u201d) ba\u015fta olmak \u00fczere ilgili mevzuata uygun olarak i\u015flenerek, muhafaza edilmesi hususunda gerekli prosed\u00fcrleri uyguluyoruz.<\/p>\n\n\n\n<p>&nbsp;&nbsp;&nbsp;&nbsp;&nbsp;&nbsp;&nbsp;&nbsp;&nbsp;&nbsp;&nbsp;&nbsp;&nbsp;&nbsp;&nbsp; \u0130\u015fbu Ayd\u0131nlatma Metni ile sundu\u011fumuz sa\u011fl\u0131k hizmetleri kapsam\u0131nda edinilen ki\u015fisel verilerinizin nas\u0131l i\u015flendi\u011fi (ne t\u00fcr ki\u015fisel verilerinizi toplad\u0131\u011f\u0131m\u0131z, hangi ama\u00e7la toplad\u0131\u011f\u0131m\u0131z, nas\u0131l toplad\u0131\u011f\u0131m\u0131z, nas\u0131l kulland\u0131\u011f\u0131m\u0131z, nas\u0131l korudu\u011fumuz, nas\u0131l aktard\u0131\u011f\u0131m\u0131z, nas\u0131l silinece\u011fi v.b.) hususunda \u201cVeri Sorumlusu\u201d s\u0131fat\u0131yla ayd\u0131nlat\u0131c\u0131 bilgi aktar\u0131lmaktad\u0131r.<\/p>\n\n\n\n<p>\u00a0\u00a0\u00a0\u00a0\u00a0\u00a0\u00a0\u00a0\u00a0\u00a0\u00a0\u00a0\u00a0\u00a0 Veri sorumlusu olarak , Op. Dr. Hakan Aydo\u011fan taraf\u0131ndan ki\u015fisel verilerinizin i\u015fleni\u015fine ili\u015fkin bilgiler a\u015fa\u011f\u0131dad\u0131r<strong>.<\/strong><\/p>\n\n\n\n<p><strong>1-)<\/strong>&nbsp; &nbsp;&nbsp;&nbsp;&nbsp;&nbsp;&nbsp;Taraf\u0131n\u0131za sunulacak sa\u011fl\u0131k hizmetlerinin y\u00fcr\u00fct\u00fclebilmesi i\u00e7in kaydetmek durumunda oldu\u011fumuz ad, soyad, T.C. Kimlik Numaras\u0131 , do\u011fum yeri ve tarihiniz, medeni haliniz, cinsiyetiniz, mesle\u011finiz, imzan\u0131z ve sizi tan\u0131mlayabilen di\u011fer kimlik verileriniz, adresiniz (ikametgah\/i\u015f yeri), telefon numaran\u0131z, elektronik posta adresiniz, IP adresiniz, sosyal medya hesaplar\u0131n\u0131z ve sair ileti\u015fim verileriniz, kan grubunuz, laboratuvar ve g\u00f6r\u00fcnt\u00fcleme sonu\u00e7lar\u0131n\u0131z, tahlilleriniz, alerjileriniz, kronik hastal\u0131klar\u0131n\u0131z, z\u00fchrevi hastal\u0131klar\u0131n\u0131z, bula\u015f\u0131c\u0131 hastal\u0131klar\u0131n\u0131z, daha \u00f6nce ge\u00e7irmi\u015f oldu\u011funuz ameliyatlara\/operasyonlara ili\u015fkin verileriniz, s\u00fcrekli olarak kulland\u0131\u011f\u0131n\u0131z ila\u00e7lar, Covid-19 hastal\u0131\u011f\u0131na ili\u015fkin bilgileriniz, t\u0131bbi tedavileriniz, re\u00e7ete bilgileriniz, hormonal bilgileriniz, cinsel hayat\u0131n\u0131za ili\u015fkin bilgileriniz, v\u00fccut analiz ve \u00f6l\u00e7\u00fcmleme bilgileriniz, cilt analiz bilgileriniz, sa\u011fl\u0131\u011fa zararl\u0131 al\u0131\u015fkanl\u0131klar\u0131n\u0131z ve taraf\u0131n\u0131za uygulanacak tedavi ve uygulamalar i\u00e7in gerekli di\u011fer sa\u011fl\u0131k verileriniz, t\u0131bbi i\u015flem \u00f6ncesinde, t\u0131bbi i\u015flem s\u0131ras\u0131nda ve\/veya t\u0131bbi i\u015flem sonras\u0131nda kay\u0131t alt\u0131na al\u0131nan foto\u011fraf ve\/veya videolarda yer alan g\u00f6r\u00fcnt\u00fc ve ses kay\u0131t verilerini, banka hesap numaran\u0131z, IBAN numaran\u0131z, kredi kart\u0131 bilgileriniz, faturalama ve fatura bilgileriniz ve sair finansal verileriniz, Uluslararas\u0131 Sa\u011fl\u0131k Turizmi kapsam\u0131nda gelen Sa\u011fl\u0131k Turisti iseniz, transfer bilgileriniz, u\u00e7ak bileti gidi\u015f d\u00f6n\u00fc\u015f bilgileriniz, otel konaklama bilgileriniz ki\u015fisel veri niteli\u011findedir.<\/p>\n\n\n\n<p><strong>2-)<\/strong>&nbsp;&nbsp;&nbsp; Bu onam, muayenemizde s\u00f6zl\u00fc, yaz\u0131l\u0131, g\u00f6rsel, ya da elektronik olarak taraf\u0131m\u0131za verdi\u011finiz ki\u015fisel verileriniz ile internet ve mobil uygulamalar ile ya da elektronik olarak taraf\u0131m\u0131za iletti\u011finiz ya da muayenehanemizde elde edilen (tahlil sonucu, re\u00e7ete, foto\u011fraf, video, kamera kayd\u0131 vb.) ki\u015fisel verilerinizi kapsamaktad\u0131r.<strong>&nbsp;<\/strong><\/p>\n\n\n\n<p><strong>3-)<\/strong> <strong>&nbsp;&nbsp;&nbsp;&nbsp;<\/strong>Ki\u015fisel verilerinizi&nbsp; Ki\u015fisel Veri Saklama ve \u0130mha Politikas\u0131\u2019nda \u00f6ng\u00f6r\u00fclen s\u00fcrelerde, &nbsp;&nbsp;gereken her t\u00fcrl\u00fc teknik ve idari tedbirleri alarak korumakta,kaydedilme ama\u00e7lar\u0131n\u0131 ger\u00e7ekle\u015ftirmek i\u00e7in gerekli olan s\u00fcreyi a\u015fmayacak \u015fekilde&#8217; sistemimizde\/ar\u015fivimizde saklamakta,&nbsp;&nbsp; bu s\u00fcrenin bitimini izleyen periyodik imha s\u00fcresinde&nbsp; silmekte, yok etmekte veya anonim hale getirilmekteyiz. Bu kapsamda i\u015flenen verileriniz mesleki s\u0131r olarak korunup, gizlili\u011fi sa\u011flanacak ve \u00fc\u00e7\u00fcnc\u00fc ki\u015filerce\/kurumlarca\/kurulu\u015flarca payla\u015f\u0131lmayacakt\u0131r. Ancak ki\u015fisel verileriniz toplum sa\u011fl\u0131\u011f\u0131n\u0131n korunmas\u0131 i\u00e7in ki\u015fisel t\u0131bbi kay\u0131tlar\u0131n mahremiyetinin s\u0131n\u0131rlanmas\u0131 gereken durumlarda ya da bildirim y\u00fck\u00fcml\u00fcl\u00fc\u011f\u00fc gibi Kanuni zorunluluk hallerinde, sadece ama\u00e7la s\u0131n\u0131rl\u0131 olarak ve \u00f6l\u00e7\u00fcl\u00fc bi\u00e7imde yetkili makamlara bildirimde bulunulmas\u0131 gerekebilece\u011fini \u00f6nemle hat\u0131rlat\u0131r\u0131z.<\/p>\n\n\n\n<p><strong>&nbsp;&nbsp; <\/strong><strong>4-)<\/strong>&nbsp;&nbsp; Kamu kurumlar\u0131ndan, adli mercilerden ve di\u011fer resmi makamlardan gelen taraf\u0131n\u0131za ait verilerin kendilerine iletilmesi y\u00f6n\u00fcndeki talepler, talebin amac\u0131, talep edilen veriler ile ula\u015f\u0131lmak istenen amac\u0131n \u00f6rt\u00fc\u015f\u00fcp \u00f6rt\u00fc\u015fmedi\u011fi, somut bi\u00e7imde ortaya konup konamad\u0131\u011f\u0131, belirtilen amaca ula\u015fman\u0131n tek yolunun taraf\u0131n\u0131za ait verilerin anonimle\u015ftirilmeden iletilme gereklili\u011fi, veri iletiminin demokratik bir toplumda gerekli olup olmad\u0131\u011f\u0131 unsurlar\u0131 y\u00f6n\u00fcnden de\u011ferlendirilecek, bu unsurlar\u0131n tamam\u0131n\u0131 sa\u011flamayan veri iletme talepleri yerine getirilmeyecektir.&nbsp;<\/p>\n\n\n\n<p><strong><u>K\u0130\u015e\u0130SEL VER\u0130LER\u0130N\u0130Z\u0130N \u0130\u015eLENME AMA\u00c7LARI VE HUKUK\u0130 SEBEPLER\u0130<\/u><\/strong><strong><u><\/u><\/strong><\/p>\n\n\n\n<p>Payla\u015ft\u0131\u011f\u0131n\u0131z hem \u00f6zel nitelikteki ki\u015fisel veriler hem de genel nitelikteki ki\u015fisel veriler;<\/p>\n\n\n\n<ul class=\"wp-block-list\"><li>3359 say\u0131l\u0131 Sa\u011fl\u0131k Hizmetleri Temel Kanunu, 663 say\u0131l\u0131 Sa\u011fl\u0131k Bakanl\u0131\u011f\u0131 ve Ba\u011fl\u0131 Kurulu\u015flar\u0131n Te\u015fkilat ve G\u00f6revleri Hakk\u0131nda Kanun H\u00fckm\u00fcnde Kararname, Ayakta Te\u015fhis Ve Tedavi Yap\u0131lan \u00d6zel Sa\u011fl\u0131k Kurulu\u015flar\u0131 Hakk\u0131nda Y\u00f6netmelik, Ki\u015fisel Sa\u011fl\u0131k Verileri Hakk\u0131nda Y\u00f6netmelik ve ilgili di\u011fer d\u00fczenlemelerde yer alan hukuki y\u00fck\u00fcml\u00fcl\u00fcklerimizi yerine getirme,<\/li><li>S\u00f6zle\u015fmesel sorumluluklar\u0131m\u0131z kapsam\u0131nda verilerinizi muhafaza etme<\/li><li>\u0130lgili mevzuat kapsam\u0131nda saklanmas\u0131 gereken sa\u011fl\u0131k verilerinize ili\u015fkin bilgileri muhafaza etme,<\/li><li>\u0130lgili mevzuat uyar\u0131nda Sa\u011fl\u0131k Bakanl\u0131\u011f\u0131 ve di\u011fer kamu kurum ve kurulu\u015flar\u0131 ile talep edilen bilgileri payla\u015fma,<\/li><li>Kamu sa\u011fl\u0131\u011f\u0131n\u0131n korunmas\u0131, t\u0131bb\u00ee te\u015fhis, tedavi ve bak\u0131m hizmetlerinin y\u00fcr\u00fct\u00fclmesi,<\/li><li>Kamu g\u00fcvenli\u011fine ili\u015fkin hususlarda ve hukuki uyu\u015fmazl\u0131klarda, talep halinde ve mevzuat gere\u011fi savc\u0131l\u0131klara, mahkemelere ve ilgili kamu g\u00f6revlilerine bilgi verebilmek,<\/li><li>Koruyucu sa\u011fl\u0131k hizmeti dahil sa\u011fl\u0131k ve dan\u0131\u015fmanl\u0131k hizmetlerinin sunulmas\u0131,<\/li><li>Sa\u011fl\u0131k hizmetlerin sunumu i\u00e7in finansman planlamas\u0131 ve y\u00f6netimi amac\u0131yla i\u015flenmektedir.<\/li><\/ul>\n\n\n\n<p><strong><u>&nbsp;KVKK UYARINCA VER\u0130 SAH\u0130PLER\u0130N\u0130N HAKLARI<\/u><\/strong><\/p>\n\n\n\n<p>&nbsp;Ki\u015fisel Verisi i\u015flenen ger\u00e7ek ki\u015filerin KVKK 11. maddesi uyar\u0131ca sahip oldu\u011fu haklar a\u015fa\u011f\u0131daki gibidir;<\/p>\n\n\n\n<p>\u2022 Ki\u015fisel verisinin i\u015flenip i\u015flenmedi\u011fini \u00f6\u011frenme,<\/p>\n\n\n\n<p>\u2022 Ki\u015fisel verileri i\u015flenmi\u015fse buna ili\u015fkin bilgi talep etme,<\/p>\n\n\n\n<p>\u2022 Ki\u015fisel verilerin i\u015flenme amac\u0131n\u0131 ve bunlar\u0131n amac\u0131na uygun kullan\u0131l\u0131p kullan\u0131lmad\u0131\u011f\u0131n\u0131 \u00f6\u011frenme, \u2022 Yurt i\u00e7inde veya yurt d\u0131\u015f\u0131nda ki\u015fisel verilerin aktar\u0131ld\u0131\u011f\u0131 \u00fc\u00e7\u00fcnc\u00fc ki\u015fileri bilme,<\/p>\n\n\n\n<p>\u2022 Ki\u015fisel verilerin eksik veya yanl\u0131\u015f i\u015flenmi\u015f olmas\u0131 h\u00e2linde bunlar\u0131n d\u00fczeltilmesini isteme ve bu kapsamda yap\u0131lan i\u015flemin ki\u015fisel verilerin aktar\u0131ld\u0131\u011f\u0131 \u00fc\u00e7\u00fcnc\u00fc ki\u015filere bildirilmesini isteme,<\/p>\n\n\n\n<p>\u2022 KVKK ve ilgili di\u011fer kanun h\u00fck\u00fcmlerine uygun olarak i\u015flenmi\u015f olmas\u0131na ra\u011fmen, i\u015flenmesini gerektiren sebeplerin ortadan kalkmas\u0131 h\u00e2linde ki\u015fisel verilerin silinmesini veya yok edilmesini isteme ve bu kapsamda yap\u0131lan i\u015flemin ki\u015fisel verilerin aktar\u0131ld\u0131\u011f\u0131 \u00fc\u00e7\u00fcnc\u00fc ki\u015filere bildirilmesini isteme haklar\u0131n\u0131z bulunmaktad\u0131r.<\/p>\n\n\n\n<p>6698 say\u0131l\u0131 Ki\u015fisel Verilerin Korunmas\u0131 Kanunu\u2019nun \u201cVeri Sorumlusunun Ayd\u0131nlatma Y\u00fck\u00fcml\u00fcl\u00fc\u011f\u00fc\u201d ba\u015fl\u0131kl\u0131 10. maddesi gere\u011fince ki\u015fisel verilerimin kim taraf\u0131ndan, hangi ama\u00e7la i\u015flenece\u011fi, i\u015flenen ki\u015fisel verilerin kimlere ve hangi ama\u00e7la aktar\u0131labilece\u011fi, ki\u015fisel veri toplaman\u0131n y\u00f6ntemi ve hukuki sebebi ve Kanun\u2019un 11. maddesinde yer alan haklar\u0131m konusunda haz\u0131rlanan Ayd\u0131nlatma Metnini okudum, anlad\u0131m .<\/p>\n\n\n\n<p><strong><u>Hasta<\/u><\/strong><strong><u><\/u><\/strong><\/p>\n\n\n\n<p><strong>Ad\u0131-Soyad\u0131:&nbsp;&nbsp; &nbsp;&nbsp;&nbsp;&nbsp;&nbsp;&nbsp;&nbsp;&nbsp;&nbsp;&nbsp;&nbsp;&nbsp;&nbsp;&nbsp;&nbsp;&nbsp;&nbsp;&nbsp;&nbsp;&nbsp;&nbsp;&nbsp;&nbsp;&nbsp;&nbsp;&nbsp;&nbsp;&nbsp;&nbsp;&nbsp;&nbsp;&nbsp;&nbsp;&nbsp;&nbsp;&nbsp;&nbsp;&nbsp;&nbsp;&nbsp;&nbsp;&nbsp;&nbsp;&nbsp;&nbsp;&nbsp; \u0130mza:&nbsp;&nbsp;&nbsp;&nbsp;&nbsp;&nbsp;&nbsp;&nbsp;&nbsp;&nbsp;&nbsp;&nbsp;&nbsp;&nbsp;&nbsp;&nbsp;&nbsp;&nbsp;&nbsp;&nbsp;&nbsp;&nbsp;&nbsp;&nbsp;&nbsp; &nbsp;&nbsp;&nbsp;&nbsp; &nbsp; Tarih:&nbsp;&nbsp;&nbsp;&nbsp;&nbsp;&nbsp;&nbsp;&nbsp;&nbsp;&nbsp; Saat:<\/strong><\/p>\n\n\n\n<p>Kendi el yaz\u0131n\u0131z ile \u201cOkudum, Anlad\u0131m\u201d&nbsp; yaz\u0131n\u0131z.<\/p>\n\n\n\n<p><strong><u>Hastan\u0131n 18 ya\u015f\u0131ndan k\u00fc\u00e7\u00fck olmas\u0131 ya da bilincinin kapal\u0131 olmas\u0131 halinde:<\/u><\/strong><\/p>\n\n\n\n<p><strong>Hasta Yak\u0131n\u0131 Ad\u0131 Soyad\u0131:&nbsp;&nbsp;&nbsp;&nbsp;&nbsp;&nbsp;&nbsp;&nbsp;&nbsp;&nbsp;&nbsp;&nbsp;&nbsp;&nbsp;&nbsp;&nbsp;&nbsp;&nbsp;&nbsp;&nbsp;&nbsp;&nbsp;&nbsp;&nbsp;&nbsp;&nbsp;&nbsp; \u0130mza:&nbsp;&nbsp;&nbsp;&nbsp;&nbsp;&nbsp;&nbsp;&nbsp;&nbsp;&nbsp;&nbsp;&nbsp;&nbsp;&nbsp;&nbsp;&nbsp;&nbsp;&nbsp;&nbsp;&nbsp;&nbsp;&nbsp;&nbsp;&nbsp;&nbsp;&nbsp;&nbsp;&nbsp;&nbsp; Tarih:&nbsp;&nbsp;&nbsp;&nbsp;&nbsp;&nbsp;&nbsp;&nbsp;&nbsp; Saat:<\/strong><\/p>\n\n\n\n<p><strong>Yak\u0131nl\u0131k Derecesi&nbsp;&nbsp;&nbsp;&nbsp;&nbsp;&nbsp;&nbsp;&nbsp;&nbsp;&nbsp; :<\/strong><\/p>\n\n\n\n<p>Kendi el yaz\u0131n\u0131z ile \u201cOkudum, Anlad\u0131m\u201d&nbsp; yaz\u0131n\u0131z.<\/p>\n","protected":false},"excerpt":{"rendered":"<p>K\u0130\u015e\u0130SEL VER\u0130LER\u0130N \u0130\u015eLENMES\u0130 HAKKINDA AYDINLATMA METN\u0130 \u00a0\u00a0\u00a0\u00a0\u00a0\u00a0\u00a0 \u00a0\u00a0\u00a0\u00a0\u00a0\u00a0\u00a0\u00a0Ayd\u0131nlatma metni, T\u00fcrk Hukuk mevzuat\u0131nda yer alan 6698 say\u0131l\u0131 Ki\u015fisel Verilerin Korunmas\u0131 Kanunu (\u201cKVKK\u201d) ile Avrupa Birli\u011fi Genel Veri Koruma T\u00fcz\u00fc\u011f\u00fc (\u201cGDPR\u201d) uyar\u0131nca, \u00a0Op. Dr. Hakan Aydo\u011fan klini\u011fi olarak sundu\u011fumuz muayenehane faaliyetlerimizde ve\/veya g\u00f6r\u00fcnt\u00fcl\u00fc dan\u0131\u015fmanl\u0131k hizmetlerimizde ayn\u0131 zamanda bir hasta hakk\u0131 olan mahremiyet hakk\u0131n\u0131 \u00f6n planda tutuyoruz. Bu [&hellip;]<\/p>\n","protected":false},"author":1,"featured_media":0,"parent":0,"menu_order":0,"comment_status":"closed","ping_status":"closed","template":"","meta":{"_acf_changed":false,"inline_featured_image":false,"footnotes":""},"class_list":["post-1090","page","type-page","status-publish","hentry"],"acf":[],"_links":{"self":[{"href":"https:\/\/opdrhakanaydogan.com\/tr\/wp-json\/wp\/v2\/pages\/1090","targetHints":{"allow":["GET"]}}],"collection":[{"href":"https:\/\/opdrhakanaydogan.com\/tr\/wp-json\/wp\/v2\/pages"}],"about":[{"href":"https:\/\/opdrhakanaydogan.com\/tr\/wp-json\/wp\/v2\/types\/page"}],"author":[{"embeddable":true,"href":"https:\/\/opdrhakanaydogan.com\/tr\/wp-json\/wp\/v2\/users\/1"}],"replies":[{"embeddable":true,"href":"https:\/\/opdrhakanaydogan.com\/tr\/wp-json\/wp\/v2\/comments?post=1090"}],"version-history":[{"count":0,"href":"https:\/\/opdrhakanaydogan.com\/tr\/wp-json\/wp\/v2\/pages\/1090\/revisions"}],"wp:attachment":[{"href":"https:\/\/opdrhakanaydogan.com\/tr\/wp-json\/wp\/v2\/media?parent=1090"}],"curies":[{"name":"wp","href":"https:\/\/api.w.org\/{rel}","templated":true}]}}